{"id":22,"date":"2025-11-25T08:46:58","date_gmt":"2025-11-25T08:46:58","guid":{"rendered":"https:\/\/promagrisad-humundi.org\/?page_id=22"},"modified":"2026-01-16T22:13:47","modified_gmt":"2026-01-16T22:13:47","slug":"promagrisad","status":"publish","type":"page","link":"https:\/\/promagrisad-humundi.org\/fr\/","title":{"rendered":"#Promagrisad"},"content":{"rendered":"\t\t<div data-elementor-type=\"wp-page\" data-elementor-id=\"22\" class=\"elementor elementor-22\" data-elementor-post-type=\"page\">\n\t\t\t\t\t\t<section class=\"elementor-section elementor-top-section elementor-element elementor-element-6e816b3 elementor-section-height-min-height elementor-section-boxed elementor-section-height-default elementor-section-items-middle\" data-id=\"6e816b3\" data-element_type=\"section\" data-e-type=\"section\" data-settings=\"{&quot;background_background&quot;:&quot;video&quot;,&quot;background_video_link&quot;:&quot;https:\\\/\\\/youtu.be\\\/ko-StfWEXfo&quot;,&quot;background_play_on_mobile&quot;:&quot;yes&quot;}\">\n\t\t\t\t\t\t\t\t<div class=\"elementor-background-video-container\">\n\t\t\t\t\t\t\t\t\t\t\t\t\t<div class=\"elementor-background-video-embed\" role=\"presentation\"><\/div>\n\t\t\t\t\t\t\t\t\t\t\t\t<\/div>\n\t\t\t\t\t\t\t\t\t<div class=\"elementor-background-overlay\"><\/div>\n\t\t\t\t\t\t\t<div class=\"elementor-container elementor-column-gap-no\">\n\t\t\t\t\t<div class=\"elementor-column elementor-col-100 elementor-top-column elementor-element elementor-element-60c3692\" data-id=\"60c3692\" data-element_type=\"column\" data-e-type=\"column\">\n\t\t\t<div class=\"elementor-widget-wrap\">\n\t\t\t\t\t\t\t<\/div>\n\t\t<\/div>\n\t\t\t\t\t<\/div>\n\t\t<\/section>\n\t\t\t\t<section class=\"elementor-section elementor-top-section elementor-element elementor-element-31cc0eb elementor-section-boxed elementor-section-height-default elementor-section-height-default\" data-id=\"31cc0eb\" data-element_type=\"section\" data-e-type=\"section\">\n\t\t\t\t\t\t\t<div class=\"elementor-background-overlay\"><\/div>\n\t\t\t\t\t\t\t<div class=\"elementor-container elementor-column-gap-default\">\n\t\t\t\t\t<div class=\"elementor-column elementor-col-100 elementor-top-column elementor-element elementor-element-2c53388\" data-id=\"2c53388\" data-element_type=\"column\" data-e-type=\"column\">\n\t\t\t<div class=\"elementor-widget-wrap elementor-element-populated\">\n\t\t\t\t\t\t<div class=\"elementor-element elementor-element-a31449f elementor-widget elementor-widget-heading\" data-id=\"a31449f\" data-element_type=\"widget\" data-e-type=\"widget\" data-widget_type=\"heading.default\">\n\t\t\t\t\t<h2 class=\"elementor-heading-title elementor-size-default\">Agro\u00e9cologie en RDC :<br>L\u2019agroforesterie comme avenir durable.<\/h2>\t\t\t\t<\/div>\n\t\t\t\t<div class=\"elementor-element elementor-element-9319745 elementor-widget elementor-widget-heading\" data-id=\"9319745\" data-element_type=\"widget\" data-e-type=\"widget\" data-widget_type=\"heading.default\">\n\t\t\t\t\t<h2 class=\"elementor-heading-title elementor-size-default\">De la monoculture \u00e0 la transition agro\u00e9cologique en R\u00e9publique d\u00e9mocratique du Congo.<\/h2>\t\t\t\t<\/div>\n\t\t\t\t<div class=\"elementor-element elementor-element-141f0dc elementor-widget elementor-widget-text-editor\" data-id=\"141f0dc\" data-element_type=\"widget\" data-e-type=\"widget\" data-widget_type=\"text-editor.default\">\n\t\t\t\t\t\t\t\t\t<p>Autrefois, en <span style=\"text-decoration: underline;\"><strong>R\u00e9publique d\u00e9mocratique du Congo<\/strong><\/span>, l\u2019agriculture reposait essentiellement sur la monoculture. Dans de nombreuses r\u00e9gions rurales, les paysans se consacraient \u00e0 une seule culture : <span style=\"text-decoration: underline;\"><strong>le riz, l\u2019arachide, le ma\u00efs ou le manioc<\/strong><\/span>. Cette pratique, bien qu\u2019ancr\u00e9e dans les traditions, provenait d\u2019un mod\u00e8le de production de subsistance, h\u00e9rit\u00e9 des g\u00e9n\u00e9rations pass\u00e9es. Les familles cultivaient principalement pour se nourrir, sans v\u00e9ritable perspective de commercialisation ni de gestion durable des terres.<\/p>\t\t\t\t\t\t\t\t<\/div>\n\t\t\t\t<div class=\"elementor-element elementor-element-2374365 elementor-widget elementor-widget-text-editor\" data-id=\"2374365\" data-element_type=\"widget\" data-e-type=\"widget\" data-widget_type=\"text-editor.default\">\n\t\t\t\t\t\t\t\t\t<p>Parmi les m\u00e9thodes dominantes figurait l\u2019agriculture sur br\u00fblis, consistant \u00e0 d\u00e9fricher et br\u00fbler les champs pour fertiliser temporairement le sol avant de passer \u00e0 une nouvelle parcelle. Si cette technique permettait autrefois de r\u00e9g\u00e9n\u00e9rer les sols gr\u00e2ce \u00e0 la faible densit\u00e9 de population, elle est aujourd\u2019hui devenue un facteur majeur de d\u00e9gradation environnementale. L\u2019\u00e9puisement rapide des terres, la perte de la biodiversit\u00e9 et la r\u00e9duction des rendements ont plong\u00e9 de nombreuses communaut\u00e9s dans un cercle vicieux de pauvret\u00e9 et d\u2019ins\u00e9curit\u00e9 alimentaire.<\/p>\t\t\t\t\t\t\t\t<\/div>\n\t\t\t\t<div class=\"elementor-element elementor-element-e449102 elementor-widget elementor-widget-video\" data-id=\"e449102\" data-element_type=\"widget\" data-e-type=\"widget\" data-settings=\"{&quot;youtube_url&quot;:&quot;https:\\\/\\\/youtu.be\\\/ijUmuADYeH0&quot;,&quot;video_type&quot;:&quot;youtube&quot;,&quot;controls&quot;:&quot;yes&quot;}\" data-widget_type=\"video.default\">\n\t\t\t\t\t\t\t<div class=\"elementor-wrapper elementor-open-inline\">\n\t\t\t<div class=\"elementor-video\"><\/div>\t\t<\/div>\n\t\t\t\t\t\t<\/div>\n\t\t\t\t<div class=\"elementor-element elementor-element-01c73d0 elementor-widget elementor-widget-text-editor\" data-id=\"01c73d0\" data-element_type=\"widget\" data-e-type=\"widget\" data-widget_type=\"text-editor.default\">\n\t\t\t\t\t\t\t\t\t<p><span style=\"font-weight: 400;\">Face \u00e0 cette r\u00e9alit\u00e9, une prise de conscience s\u2019est progressivement op\u00e9r\u00e9e. De nouvelles approches agricoles, plus respectueuses de la nature et des cycles \u00e9cologiques, se d\u00e9veloppent \u00e0 travers le pays. L\u2019agro\u00e9cologie, en particulier, s\u2019impose comme une alternative prometteuse. Elle encourage la diversification des cultures, l\u2019utilisation d\u2019engrais naturels, la protection des sols et la valorisation des savoirs locaux.<\/span><\/p>\t\t\t\t\t\t\t\t<\/div>\n\t\t\t\t<div class=\"elementor-element elementor-element-3c2f8e9 elementor-widget elementor-widget-text-editor\" data-id=\"3c2f8e9\" data-element_type=\"widget\" data-e-type=\"widget\" data-widget_type=\"text-editor.default\">\n\t\t\t\t\t\t\t\t\t<p><span style=\"font-weight: 400;\">Cette transition marque une rupture avec les pratiques du pass\u00e9. Elle redonne espoir aux producteurs congolais en leur permettant de produire mieux, tout en pr\u00e9servant la terre pour les g\u00e9n\u00e9rations futures. L\u2019agriculture n\u2019est plus seulement un moyen de survie, mais un levier de d\u00e9veloppement durable, de dignit\u00e9 et de souverainet\u00e9 alimentaire pour la <span style=\"text-decoration: underline;\"><strong>R\u00e9publique d\u00e9mocratique du Congo<\/strong><\/span>.<\/span><\/p>\t\t\t\t\t\t\t\t<\/div>\n\t\t\t\t\t<\/div>\n\t\t<\/div>\n\t\t\t\t\t<\/div>\n\t\t<\/section>\n\t\t\t\t<section class=\"elementor-section elementor-top-section elementor-element elementor-element-845216a elementor-section-boxed elementor-section-height-default elementor-section-height-default\" data-id=\"845216a\" data-element_type=\"section\" data-e-type=\"section\">\n\t\t\t\t\t\t<div class=\"elementor-container elementor-column-gap-default\">\n\t\t\t\t\t<div class=\"elementor-column elementor-col-100 elementor-top-column elementor-element elementor-element-470a79a\" data-id=\"470a79a\" data-element_type=\"column\" data-e-type=\"column\">\n\t\t\t<div class=\"elementor-widget-wrap elementor-element-populated\">\n\t\t\t\t\t\t<div class=\"elementor-element elementor-element-3fc5a70 elementor-widget elementor-widget-heading\" data-id=\"3fc5a70\" data-element_type=\"widget\" data-e-type=\"widget\" data-widget_type=\"heading.default\">\n\t\t\t\t\t<h2 class=\"elementor-heading-title elementor-size-default\">Initiative pour l\u2019agro\u00e9cologie.<\/h2>\t\t\t\t<\/div>\n\t\t\t\t<div class=\"elementor-element elementor-element-225469c elementor-widget elementor-widget-text-editor\" data-id=\"225469c\" data-element_type=\"widget\" data-e-type=\"widget\" data-widget_type=\"text-editor.default\">\n\t\t\t\t\t\t\t\t\t<p><span style=\"font-weight: 400;\">De l\u2019Ouest \u00e0 l\u2019Est de la R\u00e9publique d\u00e9mocratique du Congo, une v\u00e9ritable \u00ab <span style=\"text-decoration: underline;\"><strong>r\u00e9volution verte<\/strong><\/span> \u00bb est en train de s\u2019\u00e9veiller. <span style=\"text-decoration: underline;\"><strong>La Conf\u00e9d\u00e9ration Nationale des Producteurs Agricoles du Congo (CONAPAC)<\/strong><\/span> mobilise aujourd\u2019hui ses <span style=\"text-decoration: underline;\"><strong>18 f\u00e9d\u00e9rations<\/strong><\/span> et plus de <span style=\"text-decoration: underline;\"><strong>12 896 organisations paysannes<\/strong><\/span> de base pour renforcer la prise de conscience et, surtout, encourager la mise en pratique concr\u00e8te de l\u2019agro\u00e9cologie.<\/span><\/p>\t\t\t\t\t\t\t\t<\/div>\n\t\t\t\t<div class=\"elementor-element elementor-element-c38723b elementor-widget elementor-widget-text-editor\" data-id=\"c38723b\" data-element_type=\"widget\" data-e-type=\"widget\" data-widget_type=\"text-editor.default\">\n\t\t\t\t\t\t\t\t\t<p><span style=\"font-weight: 400;\">Ce mouvement n\u2019est plus une simple id\u00e9e : il devient un passage oblig\u00e9 pour transformer durablement les syst\u00e8mes de production, redonner de la valeur aux savoirs locaux et pr\u00e9parer un avenir agricole plus r\u00e9silient, plus autonome et plus respectueux des \u00e9cosyst\u00e8mes.<\/span><\/p>\t\t\t\t\t\t\t\t<\/div>\n\t\t\t\t\t<\/div>\n\t\t<\/div>\n\t\t\t\t\t<\/div>\n\t\t<\/section>\n\t\t\t\t<section class=\"elementor-section elementor-top-section elementor-element elementor-element-c704b9d elementor-section-boxed elementor-section-height-default elementor-section-height-default\" data-id=\"c704b9d\" data-element_type=\"section\" data-e-type=\"section\">\n\t\t\t\t\t\t\t<div class=\"elementor-background-overlay\"><\/div>\n\t\t\t\t\t\t\t<div class=\"elementor-container elementor-column-gap-default\">\n\t\t\t\t\t<div class=\"elementor-column elementor-col-100 elementor-top-column elementor-element elementor-element-ae8a67f\" data-id=\"ae8a67f\" data-element_type=\"column\" data-e-type=\"column\">\n\t\t\t<div class=\"elementor-widget-wrap elementor-element-populated\">\n\t\t\t\t\t\t<div class=\"elementor-element elementor-element-2fc7151 elementor-widget elementor-widget-heading\" data-id=\"2fc7151\" data-element_type=\"widget\" data-e-type=\"widget\" data-widget_type=\"heading.default\">\n\t\t\t\t\t<h2 class=\"elementor-heading-title elementor-size-default\">CONAPAC : FEPASU et UPDEKIS au front de la guerre pour l\u2019agro\u00e9cologie.<\/h2>\t\t\t\t<\/div>\n\t\t\t\t<div class=\"elementor-element elementor-element-8354425 elementor-widget elementor-widget-video\" data-id=\"8354425\" data-element_type=\"widget\" data-e-type=\"widget\" data-settings=\"{&quot;youtube_url&quot;:&quot;https:\\\/\\\/youtu.be\\\/Stxd1oLFrtg&quot;,&quot;video_type&quot;:&quot;youtube&quot;,&quot;controls&quot;:&quot;yes&quot;}\" data-widget_type=\"video.default\">\n\t\t\t\t\t\t\t<div class=\"elementor-wrapper elementor-open-inline\">\n\t\t\t<div class=\"elementor-video\"><\/div>\t\t<\/div>\n\t\t\t\t\t\t<\/div>\n\t\t\t\t<div class=\"elementor-element elementor-element-1307c32 elementor-widget elementor-widget-text-editor\" data-id=\"1307c32\" data-element_type=\"widget\" data-e-type=\"widget\" data-widget_type=\"text-editor.default\">\n\t\t\t\t\t\t\t\t\t<p><span style=\"font-weight: 400;\"><span style=\"text-decoration: underline;\"><strong>UPDKIS (Union des Paysans de Kisangani)<\/strong><\/span>, fa\u00eeti\u00e8re de la province de la Tshopo, situ\u00e9e au nord-est de la R\u00e9publique d\u00e9mocratique du Congo et membre de la <span style=\"text-decoration: underline;\"><strong>CONAPAC<\/strong><\/span>, regroupe pr\u00e8s de <span style=\"text-decoration: underline;\"><strong>12 900 producteurs agricoles<\/strong><\/span>. L\u2019organisation s\u2019emploie activement \u00e0 sensibiliser les paysans \u00e0 la pratique d\u2019une agriculture durable.<\/span><\/p>\t\t\t\t\t\t\t\t<\/div>\n\t\t\t\t<div class=\"elementor-element elementor-element-e7c0d1b elementor-widget elementor-widget-text-editor\" data-id=\"e7c0d1b\" data-element_type=\"widget\" data-e-type=\"widget\" data-widget_type=\"text-editor.default\">\n\t\t\t\t\t\t\t\t\t<p><span style=\"font-weight: 400;\"><span style=\"text-decoration: underline;\"><strong>Kitenge Tambwe Emmanuel<\/strong><\/span>, producteur agricole et membre de la coop\u00e9rative <span style=\"text-decoration: underline;\"><strong>Elikya<\/strong><\/span>, l\u2019une des unions constitutives d\u2019<span style=\"text-decoration: underline;\"><strong>UPDEKIS<\/strong><\/span> est install\u00e9 \u00e0 <span style=\"text-decoration: underline;\"><strong>PK35<\/strong><\/span>, \u00e0 <span style=\"text-decoration: underline;\"><strong>35 kilom\u00e8tres de Kisangani<\/strong><\/span>, capitale provinciale. Il fait partie de ceux qui prennent conscience de la d\u00e9gradation de la for\u00eat \u00e9quatoriale, notamment caus\u00e9e par l\u2019agriculture sur br\u00fblis qu\u2019il a longtemps pratiqu\u00e9e. Aujourd\u2019hui, il a d\u00e9cid\u00e9 d\u2019op\u00e9rer une transition vers l\u2019agroforesterie.<\/span><\/p>\t\t\t\t\t\t\t\t<\/div>\n\t\t\t\t<div class=\"elementor-element elementor-element-c890484 elementor-widget elementor-widget-text-editor\" data-id=\"c890484\" data-element_type=\"widget\" data-e-type=\"widget\" data-widget_type=\"text-editor.default\">\n\t\t\t\t\t\t\t\t\t<p><strong><i>L\u2019agroforesterie est un mode de production<\/i> <\/strong><i><span style=\"font-weight: 400;\"><strong>agricole qui consiste \u00e0 int\u00e9grer des arbres et des arbustes aux cultures vivri\u00e8res ou de rente sur une m\u00eame parcelle, de mani\u00e8re \u00e0 cr\u00e9er des interactions b\u00e9n\u00e9fiques pour le sol, la biodiversit\u00e9 et les rendements.<\/strong> <\/span><\/i><\/p>\t\t\t\t\t\t\t\t<\/div>\n\t\t\t\t<div class=\"elementor-element elementor-element-63a7b3a elementor-widget elementor-widget-video\" data-id=\"63a7b3a\" data-element_type=\"widget\" data-e-type=\"widget\" data-settings=\"{&quot;youtube_url&quot;:&quot;https:\\\/\\\/youtu.be\\\/g-jdqmurM5c&quot;,&quot;video_type&quot;:&quot;youtube&quot;,&quot;controls&quot;:&quot;yes&quot;}\" data-widget_type=\"video.default\">\n\t\t\t\t\t\t\t<div class=\"elementor-wrapper elementor-open-inline\">\n\t\t\t<div class=\"elementor-video\"><\/div>\t\t<\/div>\n\t\t\t\t\t\t<\/div>\n\t\t\t\t<div class=\"elementor-element elementor-element-611649d elementor-widget elementor-widget-text-editor\" data-id=\"611649d\" data-element_type=\"widget\" data-e-type=\"widget\" data-widget_type=\"text-editor.default\">\n\t\t\t\t\t\t\t\t\t<p><span style=\"font-weight: 400;\">D\u00e9sormais, sur une seule parcelle, les producteurs associent cacao, caf\u00e9, palmiers, ananas et arbres fruitiers.<\/span><\/p>\t\t\t\t\t\t\t\t<\/div>\n\t\t\t\t\t<\/div>\n\t\t<\/div>\n\t\t\t\t\t<\/div>\n\t\t<\/section>\n\t\t\t\t<section class=\"elementor-section elementor-top-section elementor-element elementor-element-368bd39 elementor-section-boxed elementor-section-height-default elementor-section-height-default\" data-id=\"368bd39\" data-element_type=\"section\" data-e-type=\"section\" id=\"podcast\">\n\t\t\t\t\t\t<div class=\"elementor-container elementor-column-gap-default\">\n\t\t\t\t\t<div class=\"elementor-column elementor-col-100 elementor-top-column elementor-element elementor-element-1b6a990\" data-id=\"1b6a990\" data-element_type=\"column\" data-e-type=\"column\">\n\t\t\t<div class=\"elementor-widget-wrap elementor-element-populated\">\n\t\t\t\t\t\t<div class=\"elementor-element elementor-element-1eb0f26 elementor-widget elementor-widget-heading\" data-id=\"1eb0f26\" data-element_type=\"widget\" data-e-type=\"widget\" data-widget_type=\"heading.default\">\n\t\t\t\t\t<h2 class=\"elementor-heading-title elementor-size-default\">Le Sud-Ubangi : la force collective de la FEPASU.<\/h2>\t\t\t\t<\/div>\n\t\t\t\t<div class=\"elementor-element elementor-element-7b1f4e8 elementor-widget elementor-widget-gallery\" data-id=\"7b1f4e8\" data-element_type=\"widget\" data-e-type=\"widget\" data-settings=\"{&quot;columns&quot;:3,&quot;image_hover_animation&quot;:&quot;grow&quot;,&quot;overlay_description&quot;:&quot;description&quot;,&quot;lazyload&quot;:&quot;yes&quot;,&quot;gallery_layout&quot;:&quot;grid&quot;,&quot;columns_tablet&quot;:2,&quot;columns_mobile&quot;:1,&quot;gap&quot;:{&quot;unit&quot;:&quot;px&quot;,&quot;size&quot;:10,&quot;sizes&quot;:[]},&quot;gap_tablet&quot;:{&quot;unit&quot;:&quot;px&quot;,&quot;size&quot;:10,&quot;sizes&quot;:[]},&quot;gap_mobile&quot;:{&quot;unit&quot;:&quot;px&quot;,&quot;size&quot;:10,&quot;sizes&quot;:[]},&quot;link_to&quot;:&quot;file&quot;,&quot;aspect_ratio&quot;:&quot;3:2&quot;,&quot;overlay_background&quot;:&quot;yes&quot;,&quot;content_hover_animation&quot;:&quot;fade-in&quot;}\" data-widget_type=\"gallery.default\">\n\t\t\t\t\t\t\t<div class=\"elementor-gallery__container\">\n\t\t\t\t\t\t\t<a class=\"e-gallery-item elementor-gallery-item elementor-animated-content\" href=\"https:\/\/promagrisad-humundi.org\/wp-content\/uploads\/2025\/11\/20250513-IMG_20250513_113131.webp\" data-elementor-open-lightbox=\"yes\" data-elementor-lightbox-slideshow=\"7b1f4e8\" data-elementor-lightbox-title=\"20250513-IMG_20250513_113131\" data-e-action-hash=\"#elementor-action%3Aaction%3Dlightbox%26settings%3DeyJpZCI6MTI3LCJ1cmwiOiJodHRwczpcL1wvcHJvbWFncmlzYWQtaHVtdW5kaS5vcmdcL3dwLWNvbnRlbnRcL3VwbG9hZHNcLzIwMjVcLzExXC8yMDI1MDUxMy1JTUdfMjAyNTA1MTNfMTEzMTMxLndlYnAiLCJzbGlkZXNob3ciOiI3YjFmNGU4In0%3D\">\n\t\t\t\t\t<div class=\"e-gallery-image elementor-gallery-item__image\" data-thumbnail=\"https:\/\/promagrisad-humundi.org\/wp-content\/uploads\/2025\/11\/20250513-IMG_20250513_113131.webp\" data-width=\"1280\" data-height=\"963\" aria-label=\"\" role=\"img\" ><\/div>\n\t\t\t\t\t\t\t\t\t\t\t<div class=\"elementor-gallery-item__overlay\"><\/div>\n\t\t\t\t\t\t\t\t\t\t\t\t\t\t\t<div class=\"elementor-gallery-item__content\">\n\t\t\t\t\t\t\t\t\t\t\t<\/div>\n\t\t\t\t\t\t\t\t\t<\/a>\n\t\t\t\t\t\t\t<a class=\"e-gallery-item elementor-gallery-item elementor-animated-content\" href=\"https:\/\/promagrisad-humundi.org\/wp-content\/uploads\/2025\/11\/20250512-C0019T01.webp\" data-elementor-open-lightbox=\"yes\" data-elementor-lightbox-slideshow=\"7b1f4e8\" data-elementor-lightbox-title=\"20250512-C0019T01\" data-e-action-hash=\"#elementor-action%3Aaction%3Dlightbox%26settings%3DeyJpZCI6MTExLCJ1cmwiOiJodHRwczpcL1wvcHJvbWFncmlzYWQtaHVtdW5kaS5vcmdcL3dwLWNvbnRlbnRcL3VwbG9hZHNcLzIwMjVcLzExXC8yMDI1MDUxMi1DMDAxOVQwMS53ZWJwIiwic2xpZGVzaG93IjoiN2IxZjRlOCJ9\">\n\t\t\t\t\t<div class=\"e-gallery-image elementor-gallery-item__image\" data-thumbnail=\"https:\/\/promagrisad-humundi.org\/wp-content\/uploads\/2025\/11\/20250512-C0019T01.webp\" data-width=\"1280\" data-height=\"720\" aria-label=\"\" role=\"img\" ><\/div>\n\t\t\t\t\t\t\t\t\t\t\t<div class=\"elementor-gallery-item__overlay\"><\/div>\n\t\t\t\t\t\t\t\t\t\t\t\t\t\t\t<div class=\"elementor-gallery-item__content\">\n\t\t\t\t\t\t\t\t\t\t\t<\/div>\n\t\t\t\t\t\t\t\t\t<\/a>\n\t\t\t\t\t\t\t<a class=\"e-gallery-item elementor-gallery-item elementor-animated-content\" href=\"https:\/\/promagrisad-humundi.org\/wp-content\/uploads\/2025\/11\/20250512-IMG_20250512_143911.webp\" data-elementor-open-lightbox=\"yes\" data-elementor-lightbox-slideshow=\"7b1f4e8\" data-elementor-lightbox-title=\"20250512-IMG_20250512_143911\" data-e-action-hash=\"#elementor-action%3Aaction%3Dlightbox%26settings%3DeyJpZCI6MTE4LCJ1cmwiOiJodHRwczpcL1wvcHJvbWFncmlzYWQtaHVtdW5kaS5vcmdcL3dwLWNvbnRlbnRcL3VwbG9hZHNcLzIwMjVcLzExXC8yMDI1MDUxMi1JTUdfMjAyNTA1MTJfMTQzOTExLndlYnAiLCJzbGlkZXNob3ciOiI3YjFmNGU4In0%3D\">\n\t\t\t\t\t<div class=\"e-gallery-image elementor-gallery-item__image\" data-thumbnail=\"https:\/\/promagrisad-humundi.org\/wp-content\/uploads\/2025\/11\/20250512-IMG_20250512_143911.webp\" data-width=\"1280\" data-height=\"963\" aria-label=\"\" role=\"img\" ><\/div>\n\t\t\t\t\t\t\t\t\t\t\t<div class=\"elementor-gallery-item__overlay\"><\/div>\n\t\t\t\t\t\t\t\t\t\t\t\t\t\t\t<div class=\"elementor-gallery-item__content\">\n\t\t\t\t\t\t\t\t\t\t\t<\/div>\n\t\t\t\t\t\t\t\t\t<\/a>\n\t\t\t\t\t\t\t<a class=\"e-gallery-item elementor-gallery-item elementor-animated-content\" href=\"https:\/\/promagrisad-humundi.org\/wp-content\/uploads\/2025\/11\/20250604-C0249T01.webp\" data-elementor-open-lightbox=\"yes\" data-elementor-lightbox-slideshow=\"7b1f4e8\" data-elementor-lightbox-title=\"20250604-C0249T01\" data-e-action-hash=\"#elementor-action%3Aaction%3Dlightbox%26settings%3DeyJpZCI6MTA4LCJ1cmwiOiJodHRwczpcL1wvcHJvbWFncmlzYWQtaHVtdW5kaS5vcmdcL3dwLWNvbnRlbnRcL3VwbG9hZHNcLzIwMjVcLzExXC8yMDI1MDYwNC1DMDI0OVQwMS53ZWJwIiwic2xpZGVzaG93IjoiN2IxZjRlOCJ9\">\n\t\t\t\t\t<div class=\"e-gallery-image elementor-gallery-item__image\" data-thumbnail=\"https:\/\/promagrisad-humundi.org\/wp-content\/uploads\/2025\/11\/20250604-C0249T01.webp\" data-width=\"1280\" data-height=\"720\" aria-label=\"\" role=\"img\" ><\/div>\n\t\t\t\t\t\t\t\t\t\t\t<div class=\"elementor-gallery-item__overlay\"><\/div>\n\t\t\t\t\t\t\t\t\t\t\t\t\t\t\t<div class=\"elementor-gallery-item__content\">\n\t\t\t\t\t\t\t\t\t\t\t<\/div>\n\t\t\t\t\t\t\t\t\t<\/a>\n\t\t\t\t\t\t\t<a class=\"e-gallery-item elementor-gallery-item elementor-animated-content\" href=\"https:\/\/promagrisad-humundi.org\/wp-content\/uploads\/2025\/11\/20250513-DSC00011.webp\" data-elementor-open-lightbox=\"yes\" data-elementor-lightbox-slideshow=\"7b1f4e8\" data-elementor-lightbox-title=\"20250513-DSC00011\" data-e-action-hash=\"#elementor-action%3Aaction%3Dlightbox%26settings%3DeyJpZCI6MTI0LCJ1cmwiOiJodHRwczpcL1wvcHJvbWFncmlzYWQtaHVtdW5kaS5vcmdcL3dwLWNvbnRlbnRcL3VwbG9hZHNcLzIwMjVcLzExXC8yMDI1MDUxMy1EU0MwMDAxMS53ZWJwIiwic2xpZGVzaG93IjoiN2IxZjRlOCJ9\">\n\t\t\t\t\t<div class=\"e-gallery-image elementor-gallery-item__image\" data-thumbnail=\"https:\/\/promagrisad-humundi.org\/wp-content\/uploads\/2025\/11\/20250513-DSC00011.webp\" data-width=\"1280\" data-height=\"720\" aria-label=\"\" role=\"img\" ><\/div>\n\t\t\t\t\t\t\t\t\t\t\t<div class=\"elementor-gallery-item__overlay\"><\/div>\n\t\t\t\t\t\t\t\t\t\t\t\t\t\t\t<div class=\"elementor-gallery-item__content\">\n\t\t\t\t\t\t\t\t\t\t\t<\/div>\n\t\t\t\t\t\t\t\t\t<\/a>\n\t\t\t\t\t\t\t<a class=\"e-gallery-item elementor-gallery-item elementor-animated-content\" href=\"https:\/\/promagrisad-humundi.org\/wp-content\/uploads\/2025\/11\/20250512-C0015T01.webp\" data-elementor-open-lightbox=\"yes\" data-elementor-lightbox-slideshow=\"7b1f4e8\" data-elementor-lightbox-title=\"20250512-C0015T01\" data-e-action-hash=\"#elementor-action%3Aaction%3Dlightbox%26settings%3DeyJpZCI6MTA5LCJ1cmwiOiJodHRwczpcL1wvcHJvbWFncmlzYWQtaHVtdW5kaS5vcmdcL3dwLWNvbnRlbnRcL3VwbG9hZHNcLzIwMjVcLzExXC8yMDI1MDUxMi1DMDAxNVQwMS53ZWJwIiwic2xpZGVzaG93IjoiN2IxZjRlOCJ9\">\n\t\t\t\t\t<div class=\"e-gallery-image elementor-gallery-item__image\" data-thumbnail=\"https:\/\/promagrisad-humundi.org\/wp-content\/uploads\/2025\/11\/20250512-C0015T01.webp\" data-width=\"1280\" data-height=\"720\" aria-label=\"\" role=\"img\" ><\/div>\n\t\t\t\t\t\t\t\t\t\t\t<div class=\"elementor-gallery-item__overlay\"><\/div>\n\t\t\t\t\t\t\t\t\t\t\t\t\t\t\t<div class=\"elementor-gallery-item__content\">\n\t\t\t\t\t\t\t\t\t\t\t<\/div>\n\t\t\t\t\t\t\t\t\t<\/a>\n\t\t\t\t\t<\/div>\n\t\t\t\t\t<\/div>\n\t\t\t\t<div class=\"elementor-element elementor-element-f0f02f1 elementor-widget elementor-widget-text-editor\" data-id=\"f0f02f1\" data-element_type=\"widget\" data-e-type=\"widget\" data-widget_type=\"text-editor.default\">\n\t\t\t\t\t\t\t\t\t<p><span style=\"font-weight: 400;\"><span style=\"text-decoration: underline;\"><strong>La F\u00e9d\u00e9ration des producteurs agricoles du Sud-Ubangi (FEPASU)<\/strong><\/span> r\u00e9unit un large r\u00e9seau d\u2019organisations paysannes, d\u2019unions et de coop\u00e9ratives engag\u00e9es dans la transformation des pratiques agricoles locales. Au sein de cette dynamique, <span style=\"text-decoration: underline;\"><strong>la Coop\u00e9rative des Agris Multiplicateurs du Sud-Ubangi (CAMSUB)<\/strong><\/span> joue un r\u00f4le central. Ici, les producteurs misent sur une agroforesterie qui m\u00eale cultures vivri\u00e8res, ma\u00efs, arachides, riz, haricots, soja, sorgho\u00a0 et cultures p\u00e9rennes comme le cacao, le caf\u00e9 ou le palmier \u00e0 huile.<\/span><\/p>\t\t\t\t\t\t\t\t<\/div>\n\t\t\t\t<div class=\"elementor-element elementor-element-bf90dc5 elementor-widget elementor-widget-text-editor\" data-id=\"bf90dc5\" data-element_type=\"widget\" data-e-type=\"widget\" data-widget_type=\"text-editor.default\">\n\t\t\t\t\t\t\t\t\t<p><span style=\"font-weight: 400;\">Sur le terrain, cette strat\u00e9gie r\u00e9pond \u00e0 une double exigence : produire davantage tout en pr\u00e9servant les \u00e9cosyst\u00e8mes. Dans plusieurs villages, la coop\u00e9rative s\u2019illustre par des campagnes de reboisement. Arbres \u00e0 croissance rapide, agrumes, fruitiers : chaque esp\u00e8ce plant\u00e9e contribue \u00e0 restaurer la fertilit\u00e9 des sols et \u00e0 freiner une d\u00e9forestation qui grignote, ann\u00e9e apr\u00e8s ann\u00e9e, les terres agricoles du Sud-Ubangi.<\/span><\/p>\t\t\t\t\t\t\t\t<\/div>\n\t\t\t\t<div class=\"elementor-element elementor-element-301652d elementor-widget elementor-widget-image\" data-id=\"301652d\" data-element_type=\"widget\" data-e-type=\"widget\" data-widget_type=\"image.default\">\n\t\t\t\t\t\t\t\t\t\t\t\t<figure class=\"wp-caption\">\n\t\t\t\t\t\t\t\t\t\t<img fetchpriority=\"high\" decoding=\"async\" width=\"1280\" height=\"720\" src=\"https:\/\/promagrisad-humundi.org\/wp-content\/uploads\/2025\/11\/20250605-C0273T01.webp\" class=\"attachment-full size-full wp-image-101\" alt=\"\" srcset=\"https:\/\/promagrisad-humundi.org\/wp-content\/uploads\/2025\/11\/20250605-C0273T01.webp 1280w, https:\/\/promagrisad-humundi.org\/wp-content\/uploads\/2025\/11\/20250605-C0273T01-300x169.webp 300w, https:\/\/promagrisad-humundi.org\/wp-content\/uploads\/2025\/11\/20250605-C0273T01-1024x576.webp 1024w, https:\/\/promagrisad-humundi.org\/wp-content\/uploads\/2025\/11\/20250605-C0273T01-768x432.webp 768w\" sizes=\"(max-width: 1280px) 100vw, 1280px\" \/>\t\t\t\t\t\t\t\t\t\t\t<figcaption class=\"widget-image-caption wp-caption-text\">No\u00ebl Bamupalabe, pr\u00e9sident du Conseil d\u2019administration de la CAMSUB, dans la plantation de sa coop\u00e9rative. Gemena (Sud-Ubangi). \u00a9 Humundi <\/figcaption>\n\t\t\t\t\t\t\t\t\t\t<\/figure>\n\t\t\t\t\t\t\t\t\t<\/div>\n\t\t\t\t<div class=\"elementor-element elementor-element-fc8bbe9 elementor-widget elementor-widget-text-editor\" data-id=\"fc8bbe9\" data-element_type=\"widget\" data-e-type=\"widget\" data-widget_type=\"text-editor.default\">\n\t\t\t\t\t\t\t\t\t<p><span style=\"font-weight: 400;\">L\u2019approche agro\u00e9cologique de la <span style=\"text-decoration: underline;\"><strong>CAMSUB<\/strong><\/span> repose \u00e9galement sur la production de compost et d\u2019engrais verts, deux outils essentiels pour revitaliser des sols fortement appauvris. Ces techniques, encore m\u00e9connues il y a quelques ann\u00e9es, font aujourd\u2019hui l\u2019objet d\u2019une large sensibilisation au sein de la coop\u00e9rative.<\/span><\/p>\t\t\t\t\t\t\t\t<\/div>\n\t\t\t\t<div class=\"elementor-element elementor-element-af3d22b elementor-widget elementor-widget-text-editor\" data-id=\"af3d22b\" data-element_type=\"widget\" data-e-type=\"widget\" data-widget_type=\"text-editor.default\">\n\t\t\t\t\t\t\t\t\t<p><span style=\"font-weight: 400;\">\ud83c\udfa4<\/span> <b>\u00ab Nous fabriquons du compost et des engrais verts pour fertiliser les sols. Et nous informons nos membres sur les dangers de l\u2019\u00e9puisement des terres ainsi que sur les b\u00e9n\u00e9fices de l\u2019agroforesterie \u00bb,<\/b><span style=\"font-weight: 400;\"> explique <\/span><i><span style=\"font-weight: 400;\"><span style=\"text-decoration: underline;\"><strong>No\u00ebl Bamupalabe<\/strong><\/span>, pr\u00e9sident du <span style=\"text-decoration: underline;\"><strong>Conseil d\u2019administration de la CAMSUB<\/strong><\/span>.<\/span><\/i><\/p>\t\t\t\t\t\t\t\t<\/div>\n\t\t\t\t<div class=\"elementor-element elementor-element-e8d8402 elementor-widget elementor-widget-wp-widget-media_audio\" data-id=\"e8d8402\" data-element_type=\"widget\" data-e-type=\"widget\" data-widget_type=\"wp-widget-media_audio.default\">\n\t\t\t\t<div class=\"elementor-widget-container\">\n\t\t\t\t\t<audio class=\"wp-audio-shortcode\" id=\"audio-22-1\" preload=\"none\" style=\"width: 100%;\" controls=\"controls\"><source type=\"audio\/mpeg\" src=\"https:\/\/promagrisad-humundi.org\/wp-content\/uploads\/2025\/11\/Composte_promagrisad_02.mp3?_=1\" \/><source type=\"audio\/mpeg\" src=\"https:\/\/promagrisad-humundi.org\/wp-content\/uploads\/2025\/11\/Composte_promagrisad_02.mp3?_=1\" \/><a href=\"https:\/\/promagrisad-humundi.org\/wp-content\/uploads\/2025\/11\/Composte_promagrisad_02.mp3\">https:\/\/promagrisad-humundi.org\/wp-content\/uploads\/2025\/11\/Composte_promagrisad_02.mp3<\/a><\/audio>\t\t\t\t<\/div>\n\t\t\t\t<\/div>\n\t\t\t\t\t<\/div>\n\t\t<\/div>\n\t\t\t\t\t<\/div>\n\t\t<\/section>\n\t\t\t\t<section class=\"elementor-section elementor-top-section elementor-element elementor-element-d9d94b3 elementor-section-boxed elementor-section-height-default elementor-section-height-default\" data-id=\"d9d94b3\" data-element_type=\"section\" data-e-type=\"section\">\n\t\t\t\t\t\t\t<div class=\"elementor-background-overlay\"><\/div>\n\t\t\t\t\t\t\t<div class=\"elementor-container elementor-column-gap-default\">\n\t\t\t\t\t<div class=\"elementor-column elementor-col-100 elementor-top-column elementor-element elementor-element-fc08c4e\" data-id=\"fc08c4e\" data-element_type=\"column\" data-e-type=\"column\">\n\t\t\t<div class=\"elementor-widget-wrap elementor-element-populated\">\n\t\t\t\t\t\t<div class=\"elementor-element elementor-element-375fb62 elementor-widget elementor-widget-heading\" data-id=\"375fb62\" data-element_type=\"widget\" data-e-type=\"widget\" data-widget_type=\"heading.default\">\n\t\t\t\t\t<h2 class=\"elementor-heading-title elementor-size-default\">La pratique de l\u2019agro\u00e9cologie.<\/h2>\t\t\t\t<\/div>\n\t\t\t\t<div class=\"elementor-element elementor-element-a225102 elementor-widget elementor-widget-text-editor\" data-id=\"a225102\" data-element_type=\"widget\" data-e-type=\"widget\" data-widget_type=\"text-editor.default\">\n\t\t\t\t\t\t\t\t\t<p><span style=\"font-weight: 400;\">Derri\u00e8re les mots : <span style=\"text-decoration: underline;\"><strong>agroforesterie, compost, engrais verts<\/strong><\/span>, une v\u00e9ritable r\u00e9volution silencieuse est en marche. L\u2019agroforesterie permet d\u2019associer arbres, cultures vivri\u00e8res et plantes p\u00e9rennes pour restaurer la fertilit\u00e9 des terres. Le compost et les engrais verts, fabriqu\u00e9s localement \u00e0 partir de r\u00e9sidus organiques, remplacent peu \u00e0 peu les intrants chimiques devenus co\u00fbteux et inefficaces sur des sols d\u00e9grad\u00e9s.<\/span><\/p>\t\t\t\t\t\t\t\t<\/div>\n\t\t\t\t<div class=\"elementor-element elementor-element-f89a95b elementor-widget elementor-widget-text-editor\" data-id=\"f89a95b\" data-element_type=\"widget\" data-e-type=\"widget\" data-widget_type=\"text-editor.default\">\n\t\t\t\t\t\t\t\t\t<p><span style=\"font-weight: 400;\">Ces pratiques, encore marginales il y a quelques ann\u00e9es, ouvrent aujourd\u2019hui la voie \u00e0 une agriculture qui nourrit, prot\u00e8ge la terre et garantit des revenus plus stables aux familles rurales. Elles illustrent surtout une prise de conscience grandissante : la durabilit\u00e9 agricole n\u2019est plus un slogan, mais une n\u00e9cessit\u00e9 pour assurer l\u2019avenir alimentaire du pays.<\/span><\/p>\t\t\t\t\t\t\t\t<\/div>\n\t\t\t\t\t<\/div>\n\t\t<\/div>\n\t\t\t\t\t<\/div>\n\t\t<\/section>\n\t\t\t\t<section class=\"elementor-section elementor-top-section elementor-element elementor-element-6920556 elementor-section-boxed elementor-section-height-default elementor-section-height-default\" data-id=\"6920556\" data-element_type=\"section\" data-e-type=\"section\">\n\t\t\t\t\t\t<div class=\"elementor-container elementor-column-gap-default\">\n\t\t\t\t\t<div class=\"elementor-column elementor-col-100 elementor-top-column elementor-element elementor-element-96ecba1\" data-id=\"96ecba1\" data-element_type=\"column\" data-e-type=\"column\">\n\t\t\t<div class=\"elementor-widget-wrap elementor-element-populated\">\n\t\t\t\t\t\t<div class=\"elementor-element elementor-element-c591fa7 elementor-widget elementor-widget-heading\" data-id=\"c591fa7\" data-element_type=\"widget\" data-e-type=\"widget\" data-widget_type=\"heading.default\">\n\t\t\t\t\t<h2 class=\"elementor-heading-title elementor-size-default\">Kinshasa : compost et engrais verts, le pari de SCOOPAELI.<\/h2>\t\t\t\t<\/div>\n\t\t\t\t<div class=\"elementor-element elementor-element-844cc3b elementor-widget elementor-widget-image\" data-id=\"844cc3b\" data-element_type=\"widget\" data-e-type=\"widget\" data-widget_type=\"image.default\">\n\t\t\t\t\t\t\t\t\t\t\t\t<figure class=\"wp-caption\">\n\t\t\t\t\t\t\t\t\t\t<img decoding=\"async\" width=\"2048\" height=\"1365\" src=\"https:\/\/promagrisad-humundi.org\/wp-content\/uploads\/2025\/11\/Jessica-Hilltout-8622.webp\" class=\"attachment-full size-full wp-image-131\" alt=\"\" srcset=\"https:\/\/promagrisad-humundi.org\/wp-content\/uploads\/2025\/11\/Jessica-Hilltout-8622.webp 2048w, https:\/\/promagrisad-humundi.org\/wp-content\/uploads\/2025\/11\/Jessica-Hilltout-8622-300x200.webp 300w, https:\/\/promagrisad-humundi.org\/wp-content\/uploads\/2025\/11\/Jessica-Hilltout-8622-1024x683.webp 1024w, https:\/\/promagrisad-humundi.org\/wp-content\/uploads\/2025\/11\/Jessica-Hilltout-8622-768x512.webp 768w, https:\/\/promagrisad-humundi.org\/wp-content\/uploads\/2025\/11\/Jessica-Hilltout-8622-1536x1024.webp 1536w\" sizes=\"(max-width: 2048px) 100vw, 2048px\" \/>\t\t\t\t\t\t\t\t\t\t\t<figcaption class=\"widget-image-caption wp-caption-text\">Femmes mara\u00eech\u00e8res du Centre Agro\u00e9cologique de Kinshasa, lors d\u2019un atelier de fabrication de pesticides biologiques. \u00a9 Humundi <\/figcaption>\n\t\t\t\t\t\t\t\t\t\t<\/figure>\n\t\t\t\t\t\t\t\t\t<\/div>\n\t\t\t\t<div class=\"elementor-element elementor-element-20729ae elementor-widget elementor-widget-text-editor\" data-id=\"20729ae\" data-element_type=\"widget\" data-e-type=\"widget\" data-widget_type=\"text-editor.default\">\n\t\t\t\t\t\t\t\t\t<p><span style=\"font-weight: 400;\">Kinshasa, la coop\u00e9rative <span style=\"text-decoration: underline;\"><strong>SCOPAELI (Soci\u00e9t\u00e9 Coop\u00e9rative Agricole Elikya)<\/strong><\/span>, appuy\u00e9e par <span style=\"text-decoration: underline;\"><strong>Caritas<\/strong><\/span>, s\u2019impose aujourd\u2019hui comme l\u2019un des acteurs moteurs de la transition agro\u00e9cologique urbaine. Dans son centre de formation, les membres apprennent \u00e0 fabriquer du compost et des engrais verts, deux techniques simples mais d\u00e9terminantes pour restaurer des sols appauvris par des ann\u00e9es de pratique agricole intensive.<\/span><\/p>\t\t\t\t\t\t\t\t<\/div>\n\t\t\t\t<div class=\"elementor-element elementor-element-fa68c23 elementor-widget elementor-widget-text-editor\" data-id=\"fa68c23\" data-element_type=\"widget\" data-e-type=\"widget\" data-widget_type=\"text-editor.default\">\n\t\t\t\t\t\t\t\t\t<p><span style=\"font-weight: 400;\">Ces m\u00e9thodes, enti\u00e8rement naturelles, offrent une alternative solide aux pesticides et fertilisants chimiques devenus co\u00fbteux et souvent n\u00e9fastes pour l\u2019environnement. Leur impact se mesure d\u00e9j\u00e0 sur le terrain :<\/span><\/p><ul><li><strong>Moins de pollution ;<\/strong><\/li><li><strong>Des sols r\u00e9g\u00e9n\u00e9r\u00e9s ;<\/strong><\/li><li><strong>Des r\u00e9coltes plus saines et de meilleure qualit\u00e9.<\/strong><\/li><\/ul>\t\t\t\t\t\t\t\t<\/div>\n\t\t\t\t<div class=\"elementor-element elementor-element-9c4268d elementor-widget elementor-widget-text-editor\" data-id=\"9c4268d\" data-element_type=\"widget\" data-e-type=\"widget\" data-widget_type=\"text-editor.default\">\n\t\t\t\t\t\t\t\t\t<p><span style=\"font-weight: 400;\">Au c\u0153ur de ce dispositif se trouve le <span style=\"text-decoration: underline;\"><strong>Centre Agro\u00e9cologie LIZIBA<\/strong><\/span>, une initiative de <span style=\"text-decoration: underline;\"><strong>Caritas Kinshasa<\/strong><\/span> cr\u00e9\u00e9e pour accompagner et former les mara\u00eechers engag\u00e9s dans cette transformation.<\/span><\/p>\t\t\t\t\t\t\t\t<\/div>\n\t\t\t\t<div class=\"elementor-element elementor-element-71efd02 elementor-widget elementor-widget-text-editor\" data-id=\"71efd02\" data-element_type=\"widget\" data-e-type=\"widget\" data-widget_type=\"text-editor.default\">\n\t\t\t\t\t\t\t\t\t<p><i><span style=\"font-weight: 400;\">\ud83c\udfa4<\/span><\/i><i><span style=\"font-weight: 400;\"> \u00ab <span style=\"text-decoration: underline;\"><strong>Le Centre agro\u00e9cologique LIZIBA<\/strong><\/span> a \u00e9t\u00e9 cr\u00e9\u00e9 par Caritas Kinshasa pour promouvoir les pratiques agro\u00e9cologiques aupr\u00e8s des mara\u00eechers de la coop\u00e9rative, que nous accompagnons depuis pr\u00e8s de dix ans \u00bb, explique <span style=\"text-decoration: underline;\"><strong>Justin Kukule<\/strong><\/span>, gestionnaire du <span style=\"text-decoration: underline;\"><strong>Centre Agro\u00e9cologie LIZIBA<\/strong><\/span>.<\/span><\/i><\/p>\t\t\t\t\t\t\t\t<\/div>\n\t\t\t\t<div class=\"elementor-element elementor-element-83c78b0 elementor-widget elementor-widget-wp-widget-media_audio\" data-id=\"83c78b0\" data-element_type=\"widget\" data-e-type=\"widget\" data-widget_type=\"wp-widget-media_audio.default\">\n\t\t\t\t<div class=\"elementor-widget-container\">\n\t\t\t\t\t<audio class=\"wp-audio-shortcode\" id=\"audio-22-2\" preload=\"none\" style=\"width: 100%;\" controls=\"controls\"><source type=\"audio\/mpeg\" src=\"https:\/\/promagrisad-humundi.org\/wp-content\/uploads\/2025\/11\/Composte_promagrisad_Caritas.mp3?_=2\" \/><source type=\"audio\/mpeg\" src=\"https:\/\/promagrisad-humundi.org\/wp-content\/uploads\/2025\/11\/Composte_promagrisad_Caritas.mp3?_=2\" \/><a href=\"https:\/\/promagrisad-humundi.org\/wp-content\/uploads\/2025\/11\/Composte_promagrisad_Caritas.mp3\">https:\/\/promagrisad-humundi.org\/wp-content\/uploads\/2025\/11\/Composte_promagrisad_Caritas.mp3<\/a><\/audio>\t\t\t\t<\/div>\n\t\t\t\t<\/div>\n\t\t\t\t\t<\/div>\n\t\t<\/div>\n\t\t\t\t\t<\/div>\n\t\t<\/section>\n\t\t\t\t<section class=\"elementor-section elementor-top-section elementor-element elementor-element-eafe642 elementor-section-boxed elementor-section-height-default elementor-section-height-default\" data-id=\"eafe642\" data-element_type=\"section\" data-e-type=\"section\">\n\t\t\t\t\t\t\t<div class=\"elementor-background-overlay\"><\/div>\n\t\t\t\t\t\t\t<div class=\"elementor-container elementor-column-gap-default\">\n\t\t\t\t\t<div class=\"elementor-column elementor-col-100 elementor-top-column elementor-element elementor-element-13b06ba\" data-id=\"13b06ba\" data-element_type=\"column\" data-e-type=\"column\">\n\t\t\t<div class=\"elementor-widget-wrap elementor-element-populated\">\n\t\t\t\t\t\t<div class=\"elementor-element elementor-element-c7b4947 elementor-widget elementor-widget-heading\" data-id=\"c7b4947\" data-element_type=\"widget\" data-e-type=\"widget\" data-widget_type=\"heading.default\">\n\t\t\t\t\t<h2 class=\"elementor-heading-title elementor-size-default\">Les d\u00e9fis de l'agro\u00e9cologie en RDC.<\/h2>\t\t\t\t<\/div>\n\t\t\t\t<div class=\"elementor-element elementor-element-5118631 elementor-widget elementor-widget-text-editor\" data-id=\"5118631\" data-element_type=\"widget\" data-e-type=\"widget\" data-widget_type=\"text-editor.default\">\n\t\t\t\t\t\t\t\t\t<p><span style=\"font-weight: 400;\">En R\u00e9publique d\u00e9mocratique du Congo, les d\u00e9fis auxquels fait face l\u2019agriculture ou plus largement l&rsquo;agro\u00e9cologie restent consid\u00e9rables. H\u00e9rit\u00e9es d\u2019un mod\u00e8le de subsistance, des pratiques comme la monoculture, l\u2019agriculture sur br\u00fblis et l\u2019exploitation non planifi\u00e9e des terres ont contribu\u00e9 \u00e0 l\u2019\u00e9puisement acc\u00e9l\u00e9r\u00e9 des sols. Dans de nombreuses provinces, la fertilit\u00e9 naturelle recule, les rendements chutent et la pression d\u00e9mographique accentue la d\u00e9forestation, plongeant les communaut\u00e9s rurales dans un cycle de pauvret\u00e9 et d\u2019ins\u00e9curit\u00e9 alimentaire.<\/span><\/p>\t\t\t\t\t\t\t\t<\/div>\n\t\t\t\t<div class=\"elementor-element elementor-element-6bea2ea elementor-widget elementor-widget-text-editor\" data-id=\"6bea2ea\" data-element_type=\"widget\" data-e-type=\"widget\" data-widget_type=\"text-editor.default\">\n\t\t\t\t\t\t\t\t\t<p><span style=\"font-weight: 400;\">\u00c0 ces contraintes environnementales s\u2019ajoutent des limites structurelles : manque d\u2019intrants accessibles, faible accompagnement technique, absence de m\u00e9canisation, routes d\u00e9labr\u00e9es, et une quasi-absence de politiques publiques coh\u00e9rentes en mati\u00e8re agricole. Dans ce contexte, la RDC se trouve face \u00e0 un paradoxe : <span style=\"text-decoration: underline;\"><strong>un pays dot\u00e9 d\u2019un potentiel agricole immense, mais frein\u00e9 par un mod\u00e8le de production \u00e0 bout de souffle.<\/strong><\/span><\/span><\/p>\t\t\t\t\t\t\t\t<\/div>\n\t\t\t\t<div class=\"elementor-element elementor-element-9c4cec2 elementor-widget elementor-widget-video\" data-id=\"9c4cec2\" data-element_type=\"widget\" data-e-type=\"widget\" data-settings=\"{&quot;youtube_url&quot;:&quot;https:\\\/\\\/youtu.be\\\/CUb6PGHENgc&quot;,&quot;video_type&quot;:&quot;youtube&quot;,&quot;controls&quot;:&quot;yes&quot;}\" data-widget_type=\"video.default\">\n\t\t\t\t\t\t\t<div class=\"elementor-wrapper elementor-open-inline\">\n\t\t\t<div class=\"elementor-video\"><\/div>\t\t<\/div>\n\t\t\t\t\t\t<\/div>\n\t\t\t\t\t<\/div>\n\t\t<\/div>\n\t\t\t\t\t<\/div>\n\t\t<\/section>\n\t\t\t\t<section class=\"elementor-section elementor-top-section elementor-element elementor-element-6cc842c elementor-section-boxed elementor-section-height-default elementor-section-height-default\" data-id=\"6cc842c\" data-element_type=\"section\" data-e-type=\"section\">\n\t\t\t\t\t\t<div class=\"elementor-container elementor-column-gap-default\">\n\t\t\t\t\t<div class=\"elementor-column elementor-col-100 elementor-top-column elementor-element elementor-element-c131f8d\" data-id=\"c131f8d\" data-element_type=\"column\" data-e-type=\"column\">\n\t\t\t<div class=\"elementor-widget-wrap elementor-element-populated\">\n\t\t\t\t\t\t<div class=\"elementor-element elementor-element-23c18b1 elementor-widget elementor-widget-heading\" data-id=\"23c18b1\" data-element_type=\"widget\" data-e-type=\"widget\" data-widget_type=\"heading.default\">\n\t\t\t\t\t<h2 class=\"elementor-heading-title elementor-size-default\">Les perspectives de l\u2019agro\u00e9cologie en RDC.<\/h2>\t\t\t\t<\/div>\n\t\t\t\t<div class=\"elementor-element elementor-element-05ca31c elementor-widget elementor-widget-text-editor\" data-id=\"05ca31c\" data-element_type=\"widget\" data-e-type=\"widget\" data-widget_type=\"text-editor.default\">\n\t\t\t\t\t\t\t\t\t<p><span style=\"font-weight: 400;\">Face \u00e0 ces d\u00e9fis, l\u2019agro\u00e9cologie s\u2019impose progressivement comme une voie cr\u00e9dible et porteuse d\u2019avenir. <span style=\"text-decoration: underline;\"><strong>De la Tshopo au Sud-Ubangi<\/strong><\/span>, en passant par Kinshasa, des coop\u00e9ratives et f\u00e9d\u00e9rations agricoles \u00e0 l\u2019image de la <span style=\"text-decoration: underline;\"><strong>CONAPAC, de FEPASU, d\u2019UPDEKIS<\/strong><\/span> ou encore de <span style=\"text-decoration: underline;\"><strong>SCOPAELI<\/strong><\/span> exp\u00e9rimentent des solutions qui r\u00e9habilitent les sols et redonnent une dynamique aux syst\u00e8mes de production. L\u2019agroforesterie, par exemple, permet de combiner arbres, cultures vivri\u00e8res et p\u00e9rennes sur une m\u00eame parcelle, favorisant l\u2019ombre, l\u2019humidit\u00e9, la biodiversit\u00e9 et des revenus diversifi\u00e9s. <\/span><\/p>\t\t\t\t\t\t\t\t<\/div>\n\t\t\t\t<div class=\"elementor-element elementor-element-58e94ef elementor-widget elementor-widget-text-editor\" data-id=\"58e94ef\" data-element_type=\"widget\" data-e-type=\"widget\" data-widget_type=\"text-editor.default\">\n\t\t\t\t\t\t\t\t\t<p><span style=\"font-weight: 400;\">Le compost et les engrais verts, produits localement, revitalisant des sols longtemps d\u00e9grad\u00e9s par le sur br\u00fblis. Ces pratiques, qui n\u2019\u00e9taient autrefois per\u00e7ues que comme des m\u00e9thodes alternatives, deviennent aujourd\u2019hui un v\u00e9ritable moteur de transformation agricole. Elles offrent une perspective durable, r\u00e9siliente et accessible, en redonnant aux producteurs la capacit\u00e9 de nourrir leurs communaut\u00e9s tout en pr\u00e9servant leur environnement.<\/span><\/p>\t\t\t\t\t\t\t\t<\/div>\n\t\t\t\t<div class=\"elementor-element elementor-element-c5d4813 elementor-widget elementor-widget-video\" data-id=\"c5d4813\" data-element_type=\"widget\" data-e-type=\"widget\" data-settings=\"{&quot;youtube_url&quot;:&quot;https:\\\/\\\/youtu.be\\\/bnAaqXN-yPA&quot;,&quot;video_type&quot;:&quot;youtube&quot;,&quot;controls&quot;:&quot;yes&quot;}\" data-widget_type=\"video.default\">\n\t\t\t\t\t\t\t<div class=\"elementor-wrapper elementor-open-inline\">\n\t\t\t<div class=\"elementor-video\"><\/div>\t\t<\/div>\n\t\t\t\t\t\t<\/div>\n\t\t\t\t\t<\/div>\n\t\t<\/div>\n\t\t\t\t\t<\/div>\n\t\t<\/section>\n\t\t\t\t<section class=\"elementor-section elementor-top-section elementor-element elementor-element-395c5fd elementor-section-boxed elementor-section-height-default elementor-section-height-default\" data-id=\"395c5fd\" data-element_type=\"section\" data-e-type=\"section\" id=\"film\">\n\t\t\t\t\t\t\t<div class=\"elementor-background-overlay\"><\/div>\n\t\t\t\t\t\t\t<div class=\"elementor-container elementor-column-gap-default\">\n\t\t\t\t\t<div class=\"elementor-column elementor-col-100 elementor-top-column elementor-element elementor-element-feb4bc0\" data-id=\"feb4bc0\" data-element_type=\"column\" data-e-type=\"column\">\n\t\t\t<div class=\"elementor-widget-wrap elementor-element-populated\">\n\t\t\t\t\t\t<div class=\"elementor-element elementor-element-55aabb2 elementor-widget elementor-widget-heading\" data-id=\"55aabb2\" data-element_type=\"widget\" data-e-type=\"widget\" data-widget_type=\"heading.default\">\n\t\t\t\t\t<h2 class=\"elementor-heading-title elementor-size-default\">Appel au soutien des partenaires techniques, financiers et de l\u2019\u00c9tat.<\/h2>\t\t\t\t<\/div>\n\t\t\t\t<div class=\"elementor-element elementor-element-290ebf0 elementor-widget elementor-widget-text-editor\" data-id=\"290ebf0\" data-element_type=\"widget\" data-e-type=\"widget\" data-widget_type=\"text-editor.default\">\n\t\t\t\t\t\t\t\t\t<p><span style=\"font-weight: 400;\">Pour que cette transition agro\u00e9cologique se consolide et change r\u00e9ellement l\u2019avenir alimentaire de la <span style=\"text-decoration: underline;\"><strong>RDC<\/strong><\/span>, un engagement accru des partenaires techniques, financiers et des institutions publiques est indispensable. Les initiatives port\u00e9es par les organisations paysannes montrent un potentiel immense, mais elles demeurent fragiles si elles ne sont pas accompagn\u00e9es par des investissements durables : <span style=\"text-decoration: underline;\"><strong>formations, \u00e9quipements, appui aux coop\u00e9ratives, infrastructures rurales, recherche agronomique, et politiques publiques favorables.<\/strong><\/span><\/span><\/p>\t\t\t\t\t\t\t\t<\/div>\n\t\t\t\t<div class=\"elementor-element elementor-element-ee0da52 elementor-widget elementor-widget-text-editor\" data-id=\"ee0da52\" data-element_type=\"widget\" data-e-type=\"widget\" data-widget_type=\"text-editor.default\">\n\t\t\t\t\t\t\t\t\t<p><span style=\"font-weight: 400;\">Les partenaires au d\u00e9veloppement, les ONG sp\u00e9cialis\u00e9es et l\u2019\u00c9tat congolais ont un r\u00f4le cl\u00e9 \u00e0 jouer pour renforcer ces dynamiques locales et amplifier leur impact. Soutenir l\u2019agro\u00e9cologie, ce n\u2019est pas seulement appuyer des producteurs : c\u2019est contribuer \u00e0 la lutte contre la pauvret\u00e9, \u00e0 la protection des for\u00eats du Bassin du Congo et \u00e0 la construction d\u2019un mod\u00e8le agricole plus juste, plus r\u00e9silient et plus souverain pour tout le pays.<\/span><\/p>\t\t\t\t\t\t\t\t<\/div>\n\t\t\t\t<div class=\"elementor-element elementor-element-9de7ae7 elementor-widget elementor-widget-image\" data-id=\"9de7ae7\" data-element_type=\"widget\" data-e-type=\"widget\" data-widget_type=\"image.default\">\n\t\t\t\t\t\t\t\t\t\t\t\t<figure class=\"wp-caption\">\n\t\t\t\t\t\t\t\t\t\t<img decoding=\"async\" width=\"1280\" height=\"963\" src=\"https:\/\/promagrisad-humundi.org\/wp-content\/uploads\/2025\/11\/20250512-IMG_20250512_143909.webp\" class=\"attachment-full size-full wp-image-120\" alt=\"\" srcset=\"https:\/\/promagrisad-humundi.org\/wp-content\/uploads\/2025\/11\/20250512-IMG_20250512_143909.webp 1280w, https:\/\/promagrisad-humundi.org\/wp-content\/uploads\/2025\/11\/20250512-IMG_20250512_143909-300x226.webp 300w, https:\/\/promagrisad-humundi.org\/wp-content\/uploads\/2025\/11\/20250512-IMG_20250512_143909-1024x770.webp 1024w, https:\/\/promagrisad-humundi.org\/wp-content\/uploads\/2025\/11\/20250512-IMG_20250512_143909-768x578.webp 768w\" sizes=\"(max-width: 1280px) 100vw, 1280px\" \/>\t\t\t\t\t\t\t\t\t\t\t<figcaption class=\"widget-image-caption wp-caption-text\">Palmeraies au PK35, dans la province de la Tshopo. La fili\u00e8re du palmier \u00e0 huile y est largement d\u00e9velopp\u00e9e en raison de son importance \u00e9conomique pour les producteurs membres de l\u2019UPDKIS et de sa forte consommation locale. \u00a9 Humundi <\/figcaption>\n\t\t\t\t\t\t\t\t\t\t<\/figure>\n\t\t\t\t\t\t\t\t\t<\/div>\n\t\t\t\t<div class=\"elementor-element elementor-element-098584e elementor-widget elementor-widget-text-editor\" data-id=\"098584e\" data-element_type=\"widget\" data-e-type=\"widget\" data-widget_type=\"text-editor.default\">\n\t\t\t\t\t\t\t\t\t<p><span style=\"font-weight: 400;\">Pour comprendre le projet <span style=\"text-decoration: underline;\"><strong>PROMAGRISAD<\/strong><\/span>, regardez le film \u00ab <span style=\"text-decoration: underline;\"><strong>Sous les palmeraies et les cacaoyers, la vie pousse<\/strong><\/span> \u00bb dans son int\u00e9gralit\u00e9. <\/span><\/p>\t\t\t\t\t\t\t\t<\/div>\n\t\t\t\t<div class=\"elementor-element elementor-element-d2a7233 elementor-widget elementor-widget-video\" data-id=\"d2a7233\" data-element_type=\"widget\" data-e-type=\"widget\" data-settings=\"{&quot;youtube_url&quot;:&quot;https:\\\/\\\/youtu.be\\\/ko-StfWEXfo&quot;,&quot;show_image_overlay&quot;:&quot;yes&quot;,&quot;image_overlay&quot;:{&quot;url&quot;:&quot;https:\\\/\\\/promagrisad-humundi.org\\\/wp-content\\\/uploads\\\/2025\\\/11\\\/LAGROFORESTERIE.png&quot;,&quot;id&quot;:472,&quot;size&quot;:&quot;&quot;,&quot;alt&quot;:&quot;&quot;,&quot;source&quot;:&quot;library&quot;},&quot;video_type&quot;:&quot;youtube&quot;,&quot;controls&quot;:&quot;yes&quot;}\" data-widget_type=\"video.default\">\n\t\t\t\t\t\t\t<div class=\"elementor-wrapper elementor-open-inline\">\n\t\t\t<div class=\"elementor-video\"><\/div>\t\t\t\t<div class=\"elementor-custom-embed-image-overlay\" style=\"background-image: url(https:\/\/promagrisad-humundi.org\/wp-content\/uploads\/2025\/11\/LAGROFORESTERIE.png);\">\n\t\t\t\t\t\t\t\t\t\t\t\t\t\t\t\t<div class=\"elementor-custom-embed-play\" role=\"button\" aria-label=\"Lire la vid\u00e9o\" tabindex=\"0\">\n\t\t\t\t\t\t\t<svg aria-hidden=\"true\" class=\"e-font-icon-svg e-eicon-play\" viewBox=\"0 0 1000 1000\" xmlns=\"http:\/\/www.w3.org\/2000\/svg\"><path d=\"M838 162C746 71 633 25 500 25 371 25 258 71 163 162 71 254 25 367 25 500 25 633 71 746 163 837 254 929 367 979 500 979 633 979 746 933 838 837 929 746 975 633 975 500 975 367 929 254 838 162M808 192C892 279 933 379 933 500 933 621 892 725 808 808 725 892 621 938 500 938 379 938 279 896 196 808 113 725 67 621 67 500 67 379 108 279 196 192 279 108 383 62 500 62 621 62 721 108 808 192M438 392V642L642 517 438 392Z\"><\/path><\/svg>\t\t\t\t\t\t<\/div>\n\t\t\t\t\t\t\t\t\t<\/div>\n\t\t\t\t\t<\/div>\n\t\t\t\t\t\t<\/div>\n\t\t\t\t\t<\/div>\n\t\t<\/div>\n\t\t\t\t\t<\/div>\n\t\t<\/section>\n\t\t\t\t<section class=\"elementor-section elementor-top-section elementor-element elementor-element-1ee75a2 elementor-section-boxed elementor-section-height-default elementor-section-height-default\" data-id=\"1ee75a2\" data-element_type=\"section\" data-e-type=\"section\">\n\t\t\t\t\t\t<div class=\"elementor-container elementor-column-gap-default\">\n\t\t\t\t\t<div class=\"elementor-column elementor-col-100 elementor-top-column elementor-element elementor-element-c7a8e1e\" data-id=\"c7a8e1e\" data-element_type=\"column\" data-e-type=\"column\">\n\t\t\t<div class=\"elementor-widget-wrap elementor-element-populated\">\n\t\t\t\t\t\t<div class=\"elementor-element elementor-element-9021609 elementor-widget elementor-widget-heading\" data-id=\"9021609\" data-element_type=\"widget\" data-e-type=\"widget\" data-widget_type=\"heading.default\">\n\t\t\t\t\t<h2 class=\"elementor-heading-title elementor-size-default\">Partenaires.<\/h2>\t\t\t\t<\/div>\n\t\t\t\t\t<\/div>\n\t\t<\/div>\n\t\t\t\t\t<\/div>\n\t\t<\/section>\n\t\t\t\t<section class=\"elementor-section elementor-top-section elementor-element elementor-element-dae7c20 elementor-section-boxed elementor-section-height-default elementor-section-height-default\" data-id=\"dae7c20\" data-element_type=\"section\" data-e-type=\"section\">\n\t\t\t\t\t\t\t<div class=\"elementor-background-overlay\"><\/div>\n\t\t\t\t\t\t\t<div class=\"elementor-container elementor-column-gap-default\">\n\t\t\t\t\t<div class=\"elementor-column elementor-col-100 elementor-top-column elementor-element elementor-element-9b4be5d\" data-id=\"9b4be5d\" data-element_type=\"column\" data-e-type=\"column\">\n\t\t\t<div class=\"elementor-widget-wrap elementor-element-populated\">\n\t\t\t\t\t\t<section class=\"elementor-section elementor-inner-section elementor-element elementor-element-a130f3b elementor-section-boxed elementor-section-height-default elementor-section-height-default\" data-id=\"a130f3b\" data-element_type=\"section\" data-e-type=\"section\">\n\t\t\t\t\t\t<div class=\"elementor-container elementor-column-gap-default\">\n\t\t\t\t\t<div class=\"elementor-column elementor-col-16 elementor-inner-column elementor-element elementor-element-00af97b\" data-id=\"00af97b\" data-element_type=\"column\" data-e-type=\"column\">\n\t\t\t<div class=\"elementor-widget-wrap elementor-element-populated\">\n\t\t\t\t\t\t<div class=\"elementor-element elementor-element-5be1620 elementor-widget elementor-widget-image\" data-id=\"5be1620\" data-element_type=\"widget\" data-e-type=\"widget\" data-widget_type=\"image.default\">\n\t\t\t\t\t\t\t\t\t\t\t\t\t\t\t\t<a href=\"#\">\n\t\t\t\t\t\t\t<img loading=\"lazy\" decoding=\"async\" width=\"1374\" height=\"317\" src=\"https:\/\/promagrisad-humundi.org\/wp-content\/uploads\/2025\/11\/logo-DGD-2018.png\" class=\"attachment-full size-full wp-image-234\" alt=\"\" srcset=\"https:\/\/promagrisad-humundi.org\/wp-content\/uploads\/2025\/11\/logo-DGD-2018.png 1374w, https:\/\/promagrisad-humundi.org\/wp-content\/uploads\/2025\/11\/logo-DGD-2018-300x69.png 300w, https:\/\/promagrisad-humundi.org\/wp-content\/uploads\/2025\/11\/logo-DGD-2018-1024x236.png 1024w, https:\/\/promagrisad-humundi.org\/wp-content\/uploads\/2025\/11\/logo-DGD-2018-768x177.png 768w\" sizes=\"(max-width: 1374px) 100vw, 1374px\" \/>\t\t\t\t\t\t\t\t<\/a>\n\t\t\t\t\t\t\t\t\t\t\t\t\t\t\t<\/div>\n\t\t\t\t\t<\/div>\n\t\t<\/div>\n\t\t\t\t<div class=\"elementor-column elementor-col-16 elementor-inner-column elementor-element elementor-element-a5c68ef\" data-id=\"a5c68ef\" data-element_type=\"column\" data-e-type=\"column\">\n\t\t\t<div class=\"elementor-widget-wrap elementor-element-populated\">\n\t\t\t\t\t\t<div class=\"elementor-element elementor-element-2da443e elementor-widget elementor-widget-image\" data-id=\"2da443e\" data-element_type=\"widget\" data-e-type=\"widget\" data-widget_type=\"image.default\">\n\t\t\t\t\t\t\t\t\t\t\t\t\t\t\t\t<a href=\"https:\/\/www.enabel.be\/fr\/\" target=\"_blank\">\n\t\t\t\t\t\t\t<img loading=\"lazy\" decoding=\"async\" width=\"1181\" height=\"591\" src=\"https:\/\/promagrisad-humundi.org\/wp-content\/uploads\/2025\/11\/Enabel_Logo_Color_RGB-1.jpg.webp\" class=\"attachment-full size-full wp-image-232\" alt=\"\" srcset=\"https:\/\/promagrisad-humundi.org\/wp-content\/uploads\/2025\/11\/Enabel_Logo_Color_RGB-1.jpg.webp 1181w, https:\/\/promagrisad-humundi.org\/wp-content\/uploads\/2025\/11\/Enabel_Logo_Color_RGB-1.jpg-300x150.webp 300w, https:\/\/promagrisad-humundi.org\/wp-content\/uploads\/2025\/11\/Enabel_Logo_Color_RGB-1.jpg-1024x512.webp 1024w, https:\/\/promagrisad-humundi.org\/wp-content\/uploads\/2025\/11\/Enabel_Logo_Color_RGB-1.jpg-768x384.webp 768w\" sizes=\"(max-width: 1181px) 100vw, 1181px\" \/>\t\t\t\t\t\t\t\t<\/a>\n\t\t\t\t\t\t\t\t\t\t\t\t\t\t\t<\/div>\n\t\t\t\t\t<\/div>\n\t\t<\/div>\n\t\t\t\t<div class=\"elementor-column elementor-col-16 elementor-inner-column elementor-element elementor-element-bc62d18\" data-id=\"bc62d18\" data-element_type=\"column\" data-e-type=\"column\">\n\t\t\t<div class=\"elementor-widget-wrap elementor-element-populated\">\n\t\t\t\t\t\t<div class=\"elementor-element elementor-element-cfa7244 elementor-widget elementor-widget-image\" data-id=\"cfa7244\" data-element_type=\"widget\" data-e-type=\"widget\" data-widget_type=\"image.default\">\n\t\t\t\t\t\t\t\t\t\t\t\t\t\t\t\t<a href=\"https:\/\/www.humundi.org\/en\/homepage\/\" target=\"_blank\">\n\t\t\t\t\t\t\t<img loading=\"lazy\" decoding=\"async\" width=\"834\" height=\"299\" src=\"https:\/\/promagrisad-humundi.org\/wp-content\/uploads\/2025\/11\/Humundi_rgb___logososfaim.png\" class=\"attachment-full size-full wp-image-268\" alt=\"\" srcset=\"https:\/\/promagrisad-humundi.org\/wp-content\/uploads\/2025\/11\/Humundi_rgb___logososfaim.png 834w, https:\/\/promagrisad-humundi.org\/wp-content\/uploads\/2025\/11\/Humundi_rgb___logososfaim-300x108.png 300w, https:\/\/promagrisad-humundi.org\/wp-content\/uploads\/2025\/11\/Humundi_rgb___logososfaim-768x275.png 768w\" sizes=\"(max-width: 834px) 100vw, 834px\" \/>\t\t\t\t\t\t\t\t<\/a>\n\t\t\t\t\t\t\t\t\t\t\t\t\t\t\t<\/div>\n\t\t\t\t\t<\/div>\n\t\t<\/div>\n\t\t\t\t<div class=\"elementor-column elementor-col-16 elementor-inner-column elementor-element elementor-element-2ffa6b8\" data-id=\"2ffa6b8\" data-element_type=\"column\" data-e-type=\"column\">\n\t\t\t<div class=\"elementor-widget-wrap elementor-element-populated\">\n\t\t\t\t\t\t<div class=\"elementor-element elementor-element-8af47b0 elementor-widget elementor-widget-image\" data-id=\"8af47b0\" data-element_type=\"widget\" data-e-type=\"widget\" data-widget_type=\"image.default\">\n\t\t\t\t\t\t\t\t\t\t\t\t\t\t\t\t<a href=\"https:\/\/conapacrdc.org\/\" target=\"_blank\">\n\t\t\t\t\t\t\t<img loading=\"lazy\" decoding=\"async\" width=\"706\" height=\"353\" src=\"https:\/\/promagrisad-humundi.org\/wp-content\/uploads\/2025\/11\/LOGO_CONAPAC.png\" class=\"attachment-full size-full wp-image-272\" alt=\"\" srcset=\"https:\/\/promagrisad-humundi.org\/wp-content\/uploads\/2025\/11\/LOGO_CONAPAC.png 706w, https:\/\/promagrisad-humundi.org\/wp-content\/uploads\/2025\/11\/LOGO_CONAPAC-300x150.png 300w\" sizes=\"(max-width: 706px) 100vw, 706px\" \/>\t\t\t\t\t\t\t\t<\/a>\n\t\t\t\t\t\t\t\t\t\t\t\t\t\t\t<\/div>\n\t\t\t\t\t<\/div>\n\t\t<\/div>\n\t\t\t\t<div class=\"elementor-column elementor-col-16 elementor-inner-column elementor-element elementor-element-38d904c\" data-id=\"38d904c\" data-element_type=\"column\" data-e-type=\"column\">\n\t\t\t<div class=\"elementor-widget-wrap elementor-element-populated\">\n\t\t\t\t\t\t<div class=\"elementor-element elementor-element-ed22dad elementor-widget elementor-widget-image\" data-id=\"ed22dad\" data-element_type=\"widget\" data-e-type=\"widget\" data-widget_type=\"image.default\">\n\t\t\t\t\t\t\t\t\t\t\t\t\t\t\t\t<a href=\"#\" target=\"_blank\">\n\t\t\t\t\t\t\t<img loading=\"lazy\" decoding=\"async\" width=\"211\" height=\"132\" src=\"https:\/\/promagrisad-humundi.org\/wp-content\/uploads\/2025\/11\/UPDKIS.png\" class=\"attachment-full size-full wp-image-235\" alt=\"\" \/>\t\t\t\t\t\t\t\t<\/a>\n\t\t\t\t\t\t\t\t\t\t\t\t\t\t\t<\/div>\n\t\t\t\t\t<\/div>\n\t\t<\/div>\n\t\t\t\t<div class=\"elementor-column elementor-col-16 elementor-inner-column elementor-element elementor-element-e536d06\" data-id=\"e536d06\" data-element_type=\"column\" data-e-type=\"column\">\n\t\t\t<div class=\"elementor-widget-wrap elementor-element-populated\">\n\t\t\t\t\t\t<div class=\"elementor-element elementor-element-cef0ba1 elementor-widget elementor-widget-image\" data-id=\"cef0ba1\" data-element_type=\"widget\" data-e-type=\"widget\" data-widget_type=\"image.default\">\n\t\t\t\t\t\t\t\t\t\t\t\t\t\t\t\t<a href=\"#\" target=\"_blank\">\n\t\t\t\t\t\t\t<img loading=\"lazy\" decoding=\"async\" width=\"644\" height=\"510\" src=\"https:\/\/promagrisad-humundi.org\/wp-content\/uploads\/2025\/11\/FEPASU-LOGOS.png\" class=\"attachment-full size-full wp-image-233\" alt=\"\" srcset=\"https:\/\/promagrisad-humundi.org\/wp-content\/uploads\/2025\/11\/FEPASU-LOGOS.png 644w, https:\/\/promagrisad-humundi.org\/wp-content\/uploads\/2025\/11\/FEPASU-LOGOS-300x238.png 300w\" sizes=\"(max-width: 644px) 100vw, 644px\" \/>\t\t\t\t\t\t\t\t<\/a>\n\t\t\t\t\t\t\t\t\t\t\t\t\t\t\t<\/div>\n\t\t\t\t\t<\/div>\n\t\t<\/div>\n\t\t\t\t\t<\/div>\n\t\t<\/section>\n\t\t\t\t\t<\/div>\n\t\t<\/div>\n\t\t\t\t\t<\/div>\n\t\t<\/section>\n\t\t\t\t<\/div>\n\t\t","protected":false},"excerpt":{"rendered":"<p>Agro\u00e9cologie en RDC :L\u2019agroforesterie comme avenir durable. De la monoculture \u00e0 la transition agro\u00e9cologique en R\u00e9publique d\u00e9mocratique du Congo. Autrefois, en R\u00e9publique d\u00e9mocratique du Congo, l\u2019agriculture reposait essentiellement sur la monoculture. Dans de nombreuses r\u00e9gions rurales, les paysans se consacraient \u00e0 une seule culture : le riz, l\u2019arachide, le ma\u00efs ou le manioc. Cette pratique, [&hellip;]<\/p>\n","protected":false},"author":2,"featured_media":0,"parent":0,"menu_order":0,"comment_status":"closed","ping_status":"open","template":"elementor_header_footer","meta":{"footnotes":""},"class_list":["post-22","page","type-page","status-publish","hentry"],"yoast_head":"<!-- This site is optimized with the Yoast SEO plugin v27.5 - https:\/\/yoast.com\/product\/yoast-seo-wordpress\/ -->\n<title>#Promagrisad<\/title>\n<meta name=\"description\" content=\"Agro\u00e9cologie en RDC : L\u2019agroforesterie comme avenir durable.\" \/>\n<meta name=\"robots\" content=\"index, follow, max-snippet:-1, max-image-preview:large, max-video-preview:-1\" \/>\n<link rel=\"canonical\" href=\"https:\/\/promagrisad-humundi.org\/fr\/\" \/>\n<meta property=\"og:locale\" content=\"fr_FR\" \/>\n<meta property=\"og:type\" content=\"article\" \/>\n<meta property=\"og:title\" content=\"#Promagrisad\" \/>\n<meta property=\"og:description\" content=\"Agro\u00e9cologie en RDC : L\u2019agroforesterie comme avenir durable.\" \/>\n<meta property=\"og:url\" content=\"https:\/\/promagrisad-humundi.org\/fr\/\" \/>\n<meta property=\"og:site_name\" content=\"#Promagrisad\" \/>\n<meta property=\"article:publisher\" content=\"https:\/\/www.facebook.com\/humundi.ngo\/\" \/>\n<meta property=\"article:modified_time\" content=\"2026-01-16T22:13:47+00:00\" \/>\n<meta property=\"og:image\" content=\"https:\/\/promagrisad-humundi.org\/wp-content\/uploads\/2025\/11\/PROMAGRISAD_LOGOS.png\" \/>\n\t<meta property=\"og:image:width\" content=\"2340\" \/>\n\t<meta property=\"og:image:height\" content=\"540\" \/>\n\t<meta property=\"og:image:type\" content=\"image\/png\" \/>\n<meta name=\"twitter:card\" content=\"summary_large_image\" \/>\n<meta name=\"twitter:title\" content=\"#Promagrisad\" \/>\n<meta name=\"twitter:description\" content=\"Agro\u00e9cologie en RDC : L\u2019agroforesterie comme avenir durable.\" \/>\n<meta name=\"twitter:image\" content=\"https:\/\/promagrisad-humundi.org\/wp-content\/uploads\/2025\/11\/PROMAGRISAD_LOGOS.png\" \/>\n<meta name=\"twitter:label1\" content=\"Dur\u00e9e de lecture estim\u00e9e\" \/>\n\t<meta name=\"twitter:data1\" content=\"1 minute\" \/>\n<script type=\"application\/ld+json\" class=\"yoast-schema-graph\">{\"@context\":\"https:\\\/\\\/schema.org\",\"@graph\":[{\"@type\":\"WebPage\",\"@id\":\"https:\\\/\\\/promagrisad-humundi.org\\\/\",\"url\":\"https:\\\/\\\/promagrisad-humundi.org\\\/\",\"name\":\"#Promagrisad\",\"isPartOf\":{\"@id\":\"https:\\\/\\\/promagrisad-humundi.org\\\/#website\"},\"primaryImageOfPage\":{\"@id\":\"https:\\\/\\\/promagrisad-humundi.org\\\/#primaryimage\"},\"image\":{\"@id\":\"https:\\\/\\\/promagrisad-humundi.org\\\/#primaryimage\"},\"thumbnailUrl\":\"https:\\\/\\\/promagrisad-humundi.org\\\/wp-content\\\/uploads\\\/2025\\\/11\\\/20250605-C0273T01.webp\",\"datePublished\":\"2025-11-25T08:46:58+00:00\",\"dateModified\":\"2026-01-16T22:13:47+00:00\",\"description\":\"Agro\u00e9cologie en RDC : L\u2019agroforesterie comme avenir durable.\",\"breadcrumb\":{\"@id\":\"https:\\\/\\\/promagrisad-humundi.org\\\/#breadcrumb\"},\"inLanguage\":\"fr-FR\",\"potentialAction\":[{\"@type\":\"ReadAction\",\"target\":[\"https:\\\/\\\/promagrisad-humundi.org\\\/\"]}]},{\"@type\":\"ImageObject\",\"inLanguage\":\"fr-FR\",\"@id\":\"https:\\\/\\\/promagrisad-humundi.org\\\/#primaryimage\",\"url\":\"https:\\\/\\\/promagrisad-humundi.org\\\/wp-content\\\/uploads\\\/2025\\\/11\\\/20250605-C0273T01.webp\",\"contentUrl\":\"https:\\\/\\\/promagrisad-humundi.org\\\/wp-content\\\/uploads\\\/2025\\\/11\\\/20250605-C0273T01.webp\"},{\"@type\":\"BreadcrumbList\",\"@id\":\"https:\\\/\\\/promagrisad-humundi.org\\\/#breadcrumb\",\"itemListElement\":[{\"@type\":\"ListItem\",\"position\":1,\"name\":\"Accueil\",\"item\":\"https:\\\/\\\/promagrisad-humundi.org\\\/\"},{\"@type\":\"ListItem\",\"position\":2,\"name\":\"#Promagrisad\"}]},{\"@type\":\"WebSite\",\"@id\":\"https:\\\/\\\/promagrisad-humundi.org\\\/#website\",\"url\":\"https:\\\/\\\/promagrisad-humundi.org\\\/\",\"name\":\"#Promagrisad\",\"description\":\"Agro\u00e9cologie en RDC : L\u2019agroforesterie comme avenir durable.\",\"publisher\":{\"@id\":\"https:\\\/\\\/promagrisad-humundi.org\\\/#organization\"},\"potentialAction\":[{\"@type\":\"SearchAction\",\"target\":{\"@type\":\"EntryPoint\",\"urlTemplate\":\"https:\\\/\\\/promagrisad-humundi.org\\\/?s={search_term_string}\"},\"query-input\":{\"@type\":\"PropertyValueSpecification\",\"valueRequired\":true,\"valueName\":\"search_term_string\"}}],\"inLanguage\":\"fr-FR\"},{\"@type\":\"Organization\",\"@id\":\"https:\\\/\\\/promagrisad-humundi.org\\\/#organization\",\"name\":\"#Promagrisad\",\"url\":\"https:\\\/\\\/promagrisad-humundi.org\\\/\",\"logo\":{\"@type\":\"ImageObject\",\"inLanguage\":\"fr-FR\",\"@id\":\"https:\\\/\\\/promagrisad-humundi.org\\\/#\\\/schema\\\/logo\\\/image\\\/\",\"url\":\"https:\\\/\\\/promagrisad-humundi.org\\\/wp-content\\\/uploads\\\/2025\\\/11\\\/PROMAGRISAD_LOGOS.png\",\"contentUrl\":\"https:\\\/\\\/promagrisad-humundi.org\\\/wp-content\\\/uploads\\\/2025\\\/11\\\/PROMAGRISAD_LOGOS.png\",\"width\":2340,\"height\":540,\"caption\":\"#Promagrisad\"},\"image\":{\"@id\":\"https:\\\/\\\/promagrisad-humundi.org\\\/#\\\/schema\\\/logo\\\/image\\\/\"},\"sameAs\":[\"https:\\\/\\\/www.facebook.com\\\/humundi.ngo\\\/\",\"https:\\\/\\\/www.instagram.com\\\/humundi_ong\",\"https:\\\/\\\/www.linkedin.com\\\/company\\\/humundi\\\/\",\"https:\\\/\\\/www.youtube.com\\\/@promagrisad\"]}]}<\/script>\n<!-- \/ Yoast SEO plugin. -->","yoast_head_json":{"title":"#Promagrisad","description":"Agro\u00e9cologie en RDC : L\u2019agroforesterie comme avenir durable.","robots":{"index":"index","follow":"follow","max-snippet":"max-snippet:-1","max-image-preview":"max-image-preview:large","max-video-preview":"max-video-preview:-1"},"canonical":"https:\/\/promagrisad-humundi.org\/fr\/","og_locale":"fr_FR","og_type":"article","og_title":"#Promagrisad","og_description":"Agro\u00e9cologie en RDC : L\u2019agroforesterie comme avenir durable.","og_url":"https:\/\/promagrisad-humundi.org\/fr\/","og_site_name":"#Promagrisad","article_publisher":"https:\/\/www.facebook.com\/humundi.ngo\/","article_modified_time":"2026-01-16T22:13:47+00:00","og_image":[{"width":2340,"height":540,"url":"https:\/\/promagrisad-humundi.org\/wp-content\/uploads\/2025\/11\/PROMAGRISAD_LOGOS.png","type":"image\/png"}],"twitter_card":"summary_large_image","twitter_title":"#Promagrisad","twitter_description":"Agro\u00e9cologie en RDC : L\u2019agroforesterie comme avenir durable.","twitter_image":"https:\/\/promagrisad-humundi.org\/wp-content\/uploads\/2025\/11\/PROMAGRISAD_LOGOS.png","twitter_misc":{"Dur\u00e9e de lecture estim\u00e9e":"1 minute"},"schema":{"@context":"https:\/\/schema.org","@graph":[{"@type":"WebPage","@id":"https:\/\/promagrisad-humundi.org\/","url":"https:\/\/promagrisad-humundi.org\/","name":"#Promagrisad","isPartOf":{"@id":"https:\/\/promagrisad-humundi.org\/#website"},"primaryImageOfPage":{"@id":"https:\/\/promagrisad-humundi.org\/#primaryimage"},"image":{"@id":"https:\/\/promagrisad-humundi.org\/#primaryimage"},"thumbnailUrl":"https:\/\/promagrisad-humundi.org\/wp-content\/uploads\/2025\/11\/20250605-C0273T01.webp","datePublished":"2025-11-25T08:46:58+00:00","dateModified":"2026-01-16T22:13:47+00:00","description":"Agro\u00e9cologie en RDC : L\u2019agroforesterie comme avenir durable.","breadcrumb":{"@id":"https:\/\/promagrisad-humundi.org\/#breadcrumb"},"inLanguage":"fr-FR","potentialAction":[{"@type":"ReadAction","target":["https:\/\/promagrisad-humundi.org\/"]}]},{"@type":"ImageObject","inLanguage":"fr-FR","@id":"https:\/\/promagrisad-humundi.org\/#primaryimage","url":"https:\/\/promagrisad-humundi.org\/wp-content\/uploads\/2025\/11\/20250605-C0273T01.webp","contentUrl":"https:\/\/promagrisad-humundi.org\/wp-content\/uploads\/2025\/11\/20250605-C0273T01.webp"},{"@type":"BreadcrumbList","@id":"https:\/\/promagrisad-humundi.org\/#breadcrumb","itemListElement":[{"@type":"ListItem","position":1,"name":"Accueil","item":"https:\/\/promagrisad-humundi.org\/"},{"@type":"ListItem","position":2,"name":"#Promagrisad"}]},{"@type":"WebSite","@id":"https:\/\/promagrisad-humundi.org\/#website","url":"https:\/\/promagrisad-humundi.org\/","name":"#Promagrisad","description":"Agro\u00e9cologie en RDC : L\u2019agroforesterie comme avenir durable.","publisher":{"@id":"https:\/\/promagrisad-humundi.org\/#organization"},"potentialAction":[{"@type":"SearchAction","target":{"@type":"EntryPoint","urlTemplate":"https:\/\/promagrisad-humundi.org\/?s={search_term_string}"},"query-input":{"@type":"PropertyValueSpecification","valueRequired":true,"valueName":"search_term_string"}}],"inLanguage":"fr-FR"},{"@type":"Organization","@id":"https:\/\/promagrisad-humundi.org\/#organization","name":"#Promagrisad","url":"https:\/\/promagrisad-humundi.org\/","logo":{"@type":"ImageObject","inLanguage":"fr-FR","@id":"https:\/\/promagrisad-humundi.org\/#\/schema\/logo\/image\/","url":"https:\/\/promagrisad-humundi.org\/wp-content\/uploads\/2025\/11\/PROMAGRISAD_LOGOS.png","contentUrl":"https:\/\/promagrisad-humundi.org\/wp-content\/uploads\/2025\/11\/PROMAGRISAD_LOGOS.png","width":2340,"height":540,"caption":"#Promagrisad"},"image":{"@id":"https:\/\/promagrisad-humundi.org\/#\/schema\/logo\/image\/"},"sameAs":["https:\/\/www.facebook.com\/humundi.ngo\/","https:\/\/www.instagram.com\/humundi_ong","https:\/\/www.linkedin.com\/company\/humundi\/","https:\/\/www.youtube.com\/@promagrisad"]}]}},"_links":{"self":[{"href":"https:\/\/promagrisad-humundi.org\/fr\/wp-json\/wp\/v2\/pages\/22","targetHints":{"allow":["GET"]}}],"collection":[{"href":"https:\/\/promagrisad-humundi.org\/fr\/wp-json\/wp\/v2\/pages"}],"about":[{"href":"https:\/\/promagrisad-humundi.org\/fr\/wp-json\/wp\/v2\/types\/page"}],"author":[{"embeddable":true,"href":"https:\/\/promagrisad-humundi.org\/fr\/wp-json\/wp\/v2\/users\/2"}],"replies":[{"embeddable":true,"href":"https:\/\/promagrisad-humundi.org\/fr\/wp-json\/wp\/v2\/comments?post=22"}],"version-history":[{"count":0,"href":"https:\/\/promagrisad-humundi.org\/fr\/wp-json\/wp\/v2\/pages\/22\/revisions"}],"wp:attachment":[{"href":"https:\/\/promagrisad-humundi.org\/fr\/wp-json\/wp\/v2\/media?parent=22"}],"curies":[{"name":"wp","href":"https:\/\/api.w.org\/{rel}","templated":true}]}}